{"id":18740,"date":"2019-06-27T15:49:25","date_gmt":"2019-06-27T14:49:25","guid":{"rendered":"https:\/\/www.summersportswestendorf.com\/startseite\/"},"modified":"2025-10-20T08:43:24","modified_gmt":"2025-10-20T07:43:24","slug":"startseite","status":"publish","type":"page","link":"https:\/\/www.summersportswestendorf.com\/de\/","title":{"rendered":"Startseite"},"content":{"rendered":"\n<div data-elementor-type=\"wp-post\" data-elementor-id=\"18740\" class=\"elementor elementor-18740 elementor-18\" data-elementor-post-type=\"page\">\n<section class=\"elementor-section elementor-top-section elementor-element elementor-element-f18f853 elementor-section-stretched elementor-section-boxed elementor-section-height-default elementor-section-height-default\" data-id=\"f18f853\" data-element_type=\"section\" data-settings=\"{&quot;stretch_section&quot;:&quot;section-stretched&quot;,&quot;background_background&quot;:&quot;classic&quot;}\">\n<div class=\"elementor-container elementor-column-gap-default\">\n<div class=\"elementor-column elementor-col-100 elementor-top-column elementor-element elementor-element-36f71a5\" data-id=\"36f71a5\" data-element_type=\"column\">\n<div class=\"elementor-widget-wrap elementor-element-populated\">\n<div class=\"elementor-element elementor-element-604a4aa elementor-widget elementor-widget-heading\" data-id=\"604a4aa\" data-element_type=\"widget\" data-widget_type=\"heading.default\">\n<div class=\"elementor-widget-container\">\n<h1 class=\"elementor-heading-title elementor-size-default\">E-Bike Verleih &amp; Trails<\/h1>\n<\/div>\n<\/div>\n<\/div>\n<\/div>\n<\/div>\n<\/section>\n<section class=\"elementor-section elementor-top-section elementor-element elementor-element-3fd639b elementor-section-boxed elementor-section-height-default elementor-section-height-default\" data-id=\"3fd639b\" data-element_type=\"section\">\n<div class=\"elementor-container elementor-column-gap-default\">\n<div class=\"elementor-column elementor-col-100 elementor-top-column elementor-element elementor-element-1212d95\" data-id=\"1212d95\" data-element_type=\"column\">\n<div class=\"elementor-widget-wrap elementor-element-populated\">\n<div class=\"elementor-element elementor-element-74f334c elementor-widget-divider--view-line elementor-widget elementor-widget-divider\" data-id=\"74f334c\" data-element_type=\"widget\" data-widget_type=\"divider.default\">\n<div class=\"elementor-widget-container\">\n<div class=\"elementor-divider\">\n\t\t\t<span class=\"elementor-divider-separator\"><br \/>\n\t\t\t\t\t\t<\/span>\n\t\t<\/div>\n<\/div>\n<\/div>\n<div class=\"elementor-element elementor-element-6127476 elementor-widget elementor-widget-text-editor\" data-id=\"6127476\" data-element_type=\"widget\" data-widget_type=\"text-editor.default\">\n<div class=\"elementor-widget-container\">\n<p data-start=\"269\" data-end=\"307\">Sehr geehrter Kunde,<\/p>\n\n<p data-start=\"309\" data-end=\"484\">Vom <strong data-start=\"313\" data-end=\"339\">1. Oktober bis 15. Mai<\/strong> haben wir <strong data-start=\"350\" data-end=\"375\">nur nach Vereinbarung<\/strong> ge\u00f6ffnet.<br data-start=\"385\" data-end=\"388\" \/>Einen Termin k\u00f6nnen Sie telefonisch oder per WhatsApp unter <a href=\"tel:+436602041733\"><strong data-start=\"448\" data-end=\"469\">+43 660 204 17 33<\/strong><\/a> vereinbaren.<\/p>\n\n<p data-start=\"486\" data-end=\"512\">Mit freundlichen Gr\u00fc\u00dfen,<\/p>\n<p>Rein Soesbergen<\/p>\n<\/div>\n<\/div>\n<div class=\"elementor-element elementor-element-71083e6 elementor-widget-divider--view-line elementor-widget elementor-widget-divider\" data-id=\"71083e6\" data-element_type=\"widget\" data-widget_type=\"divider.default\">\n<div class=\"elementor-widget-container\">\n<div class=\"elementor-divider\">\n\t\t\t<span class=\"elementor-divider-separator\"><br \/>\n\t\t\t\t\t\t<\/span>\n\t\t<\/div>\n<\/div>\n<\/div>\n<div class=\"elementor-element elementor-element-8dde5da elementor-widget elementor-widget-spacer\" data-id=\"8dde5da\" data-element_type=\"widget\" data-widget_type=\"spacer.default\">\n<div class=\"elementor-widget-container\">\n<div class=\"elementor-spacer\">\n<div class=\"elementor-spacer-inner\"><\/div>\n<\/div>\n<\/div>\n<\/div>\n<div class=\"elementor-element elementor-element-da2a5fa elementor-widget elementor-widget-heading\" data-id=\"da2a5fa\" data-element_type=\"widget\" data-widget_type=\"heading.default\">\n<div class=\"elementor-widget-container\">\n<h2 class=\"elementor-heading-title elementor-size-default\">Summersports Westendorf Fahrradverleih<\/h2>\n<\/div>\n<\/div>\n<section class=\"elementor-section elementor-inner-section elementor-element elementor-element-4fc5132 elementor-section-boxed elementor-section-height-default elementor-section-height-default\" data-id=\"4fc5132\" data-element_type=\"section\">\n<div class=\"elementor-container elementor-column-gap-default\">\n<div class=\"elementor-column elementor-col-50 elementor-inner-column elementor-element elementor-element-c87312e\" data-id=\"c87312e\" data-element_type=\"column\">\n<div class=\"elementor-widget-wrap elementor-element-populated\">\n<div class=\"elementor-element elementor-element-87a090c elementor-align-start elementor-icon-list--layout-traditional elementor-list-item-link-full_width elementor-widget elementor-widget-icon-list\" data-id=\"87a090c\" data-element_type=\"widget\" data-widget_type=\"icon-list.default\">\n<div class=\"elementor-widget-container\">\n<ul class=\"elementor-icon-list-items\">\n<li class=\"elementor-icon-list-item\">\n\t\t\t\t\t\t\t\t\t\t\t<span class=\"elementor-icon-list-icon\"><br \/>\n\t\t\t\t\t\t\t<i aria-hidden=\"true\" class=\"fas fa-check\"><\/i>\t\t\t\t\t\t<\/span><br \/>\n\t\t\t\t\t\t\t\t\t\t<span class=\"elementor-icon-list-text\">Die neuesten Cube-E-Bikes<\/span>\n\t\t\t\t\t\t\t\t\t<\/li>\n<li class=\"elementor-icon-list-item\">\n\t\t\t\t\t\t\t\t\t\t\t<span class=\"elementor-icon-list-icon\"><br \/>\n\t\t\t\t\t\t\t<i aria-hidden=\"true\" class=\"fas fa-check\"><\/i>\t\t\t\t\t\t<\/span><br \/>\n\t\t\t\t\t\t\t\t\t\t<span class=\"elementor-icon-list-text\">Gro\u00dfe Akkukapazit\u00e4t von 800Wh<\/span>\n\t\t\t\t\t\t\t\t\t<\/li>\n<li class=\"elementor-icon-list-item\">\n\t\t\t\t\t\t\t\t\t\t\t<span class=\"elementor-icon-list-icon\"><br \/>\n\t\t\t\t\t\t\t<i aria-hidden=\"true\" class=\"fas fa-check\"><\/i>\t\t\t\t\t\t<\/span><br \/>\n\t\t\t\t\t\t\t\t\t\t<span class=\"elementor-icon-list-text\">Mit der Komoot-App geplante Touren<\/span>\n\t\t\t\t\t\t\t\t\t<\/li>\n<li class=\"elementor-icon-list-item\">\n\t\t\t\t\t\t\t\t\t\t\t<span class=\"elementor-icon-list-icon\"><br \/>\n\t\t\t\t\t\t\t<i aria-hidden=\"true\" class=\"fas fa-check\"><\/i>\t\t\t\t\t\t<\/span><br \/>\n\t\t\t\t\t\t\t\t\t\t<span class=\"elementor-icon-list-text\">Fahrrad-Reparaturservice<\/span>\n\t\t\t\t\t\t\t\t\t<\/li>\n<li class=\"elementor-icon-list-item\">\n\t\t\t\t\t\t\t\t\t\t\t<span class=\"elementor-icon-list-icon\"><br \/>\n\t\t\t\t\t\t\t<i aria-hidden=\"true\" class=\"fas fa-check\"><\/i>\t\t\t\t\t\t<\/span><br \/>\n\t\t\t\t\t\t\t\t\t\t<span class=\"elementor-icon-list-text\">Einfache Online-Reservierung<\/span>\n\t\t\t\t\t\t\t\t\t<\/li>\n<li class=\"elementor-icon-list-item\">\n\t\t\t\t\t\t\t\t\t\t\t<span class=\"elementor-icon-list-icon\"><br \/>\n\t\t\t\t\t\t\t<i aria-hidden=\"true\" class=\"fas fa-check\"><\/i>\t\t\t\t\t\t<\/span><br \/>\n\t\t\t\t\t\t\t\t\t\t<span class=\"elementor-icon-list-text\">Pers\u00f6nliche Beratung<\/span>\n\t\t\t\t\t\t\t\t\t<\/li>\n<\/ul><\/div>\n<\/div>\n<div class=\"elementor-element elementor-element-63f1191 elementor-align-center elementor-widget elementor-widget-button\" data-id=\"63f1191\" data-element_type=\"widget\" data-widget_type=\"button.default\">\n<div class=\"elementor-widget-container\">\n<div class=\"elementor-button-wrapper\">\n\t\t\t\t\t<a class=\"elementor-button elementor-button-link elementor-size-sm\" href=\"https:\/\/www.summersportswestendorf.com\/de\/online-buchen\/\"><br \/>\n\t\t\t\t\t\t<span class=\"elementor-button-content-wrapper\"><br \/>\n\t\t\t\t\t\t\t\t\t<span class=\"elementor-button-text\">Buch jetzt<\/span><br \/>\n\t\t\t\t\t<\/span><br \/>\n\t\t\t\t\t<\/a>\n\t\t\t\t<\/div>\n<\/div>\n<\/div>\n<\/div>\n<\/div>\n<div class=\"elementor-column elementor-col-50 elementor-inner-column elementor-element elementor-element-035bf90\" data-id=\"035bf90\" data-element_type=\"column\">\n<div class=\"elementor-widget-wrap elementor-element-populated\">\n<div class=\"elementor-element elementor-element-3a3b696 elementor-widget elementor-widget-text-editor\" data-id=\"3a3b696\" data-element_type=\"widget\" data-widget_type=\"text-editor.default\">\n<div class=\"elementor-widget-container\">\n<p style=\"text-align: center;\">Ob Sie nun als Anf\u00e4nger durch die W\u00e4lder fahren wollen, oder eine technische Strecke f\u00fcr Fortgeschrittene mit komplexen Kurven und Spr\u00fcngen suchen, das Brixental bietet beides &#8211; und noch viel mehr. Der Summersports Westendorf Fahrradverleih bietet Mountainbikes und E-Mountainbikes zum Verleih an, die f\u00fcr alle verschiedenen Strecken in der Region geeignet sind. Wir bieten verschiedene Rahmengr\u00f6\u00dfen an, sodass unsere Bikes zu Ihnen und ihrer Gr\u00f6\u00dfe passen. Jagen Sie mit uns der Sonne hinterher und lassen Sie sich schmutzig machen!<\/p>\n\n<p style=\"text-align: center;\">\u201eEs ist Sommer und das Leben ist leichter&#8220;,<\/p>\n\n<p style=\"text-align: center;\">Im Sommer und im Urlaub sollte man die Seele baumeln lassen und sich am\u00fcsieren, und wenn Sie m\u00f6chten, geben wir Ihnen die besten Trails und Strecken, damit Sie direkt zum Vergn\u00fcgen kommen k\u00f6nnen.<\/p>\n\n<p style=\"text-align: center;\"><strong>Genie\u00dfen Sie einen kleinen Vorgeschmack auf den herrlichen Kitzb\u00fcheler Alpen!<\/strong><\/p>\n<\/div>\n<\/div>\n<\/div>\n<\/div>\n<\/div>\n<\/section>\n<div class=\"elementor-element elementor-element-bf122e3 elementor-widget elementor-widget-spacer\" data-id=\"bf122e3\" data-element_type=\"widget\" data-widget_type=\"spacer.default\">\n<div class=\"elementor-widget-container\">\n<div class=\"elementor-spacer\">\n<div class=\"elementor-spacer-inner\"><\/div>\n<\/div>\n<\/div>\n<\/div>\n<\/div>\n<\/div>\n<\/div>\n<\/section>\n<section class=\"elementor-section elementor-top-section elementor-element elementor-element-1088993 elementor-section-boxed elementor-section-height-default elementor-section-height-default\" data-id=\"1088993\" data-element_type=\"section\">\n<div class=\"elementor-container elementor-column-gap-default\">\n<div class=\"elementor-column elementor-col-100 elementor-top-column elementor-element elementor-element-cda357b\" data-id=\"cda357b\" data-element_type=\"column\">\n<div class=\"elementor-widget-wrap elementor-element-populated\">\n<div class=\"elementor-element elementor-element-621efc2 elementor-widget-divider--view-line elementor-widget elementor-widget-divider\" data-id=\"621efc2\" data-element_type=\"widget\" data-widget_type=\"divider.default\">\n<div class=\"elementor-widget-container\">\n<div class=\"elementor-divider\">\n\t\t\t<span class=\"elementor-divider-separator\"><br \/>\n\t\t\t\t\t\t<\/span>\n\t\t<\/div>\n<\/div>\n<\/div>\n<div class=\"elementor-element elementor-element-9ccbb78 elementor-widget elementor-widget-video\" data-id=\"9ccbb78\" data-element_type=\"widget\" data-settings=\"{&quot;youtube_url&quot;:&quot;https:\\\/\\\/www.youtube.com\\\/watch?v=jarOJPqVYsY&amp;t=8s&amp;ab_channel=Kitzb%C3%BChelerAlpen-Tirol&quot;,&quot;video_type&quot;:&quot;youtube&quot;,&quot;controls&quot;:&quot;yes&quot;}\" data-widget_type=\"video.default\">\n<div class=\"elementor-widget-container\">\n<div class=\"elementor-wrapper elementor-open-inline\">\n<div class=\"elementor-video\"><\/div>\n<\/div>\n<\/div>\n<\/div>\n<div class=\"elementor-element elementor-element-91028bc elementor-widget-divider--view-line elementor-widget elementor-widget-divider\" data-id=\"91028bc\" data-element_type=\"widget\" data-widget_type=\"divider.default\">\n<div class=\"elementor-widget-container\">\n<div class=\"elementor-divider\">\n\t\t\t<span class=\"elementor-divider-separator\"><br \/>\n\t\t\t\t\t\t<\/span>\n\t\t<\/div>\n<\/div>\n<\/div>\n<\/div>\n<\/div>\n<\/div>\n<\/section>\n<section class=\"elementor-section elementor-top-section elementor-element elementor-element-5ec67e0 elementor-section-boxed elementor-section-height-default elementor-section-height-default\" data-id=\"5ec67e0\" data-element_type=\"section\">\n<div class=\"elementor-container elementor-column-gap-default\">\n<div class=\"elementor-column elementor-col-50 elementor-top-column elementor-element elementor-element-8d9f3c5\" data-id=\"8d9f3c5\" data-element_type=\"column\">\n<div class=\"elementor-widget-wrap elementor-element-populated\">\n<div class=\"elementor-element elementor-element-2674eb2 elementor-widget elementor-widget-spacer\" data-id=\"2674eb2\" data-element_type=\"widget\" data-widget_type=\"spacer.default\">\n<div class=\"elementor-widget-container\">\n<div class=\"elementor-spacer\">\n<div class=\"elementor-spacer-inner\"><\/div>\n<\/div>\n<\/div>\n<\/div>\n<div class=\"elementor-element elementor-element-c4eca05 elementor-widget elementor-widget-heading\" data-id=\"c4eca05\" data-element_type=\"widget\" data-widget_type=\"heading.default\">\n<div class=\"elementor-widget-container\">\n<h2 class=\"elementor-heading-title elementor-size-default\">E-Mountainbike Verleih<\/h2>\n<\/div>\n<\/div>\n<div class=\"elementor-element elementor-element-9a2a888 elementor-widget elementor-widget-image\" data-id=\"9a2a888\" data-element_type=\"widget\" data-widget_type=\"image.default\">\n<div class=\"elementor-widget-container\">\n\t\t\t\t\t\t\t\t\t\t\t\t\t\t\t\t<a href=\"https:\/\/www.summersportswestendorf.com\/de\/mieten\/\"><br \/>\n\t\t\t\t\t\t\t<img decoding=\"async\" src=\"https:\/\/www.summersportswestendorf.com\/wp-content\/uploads\/2022\/05\/Summersports-Westendorf-3.jpg\" title=\"Summersports Westendorf 3\" alt=\"Summersports Westendorf 3\" class=\"elementor-animation-float\" loading=\"lazy\" \/>\t\t\t\t\t\t\t\t<\/a>\n\t\t\t\t\t\t\t\t\t\t\t\t\t\t\t<\/div>\n<\/div>\n<div class=\"elementor-element elementor-element-4d79820 elementor-widget elementor-widget-text-editor\" data-id=\"4d79820\" data-element_type=\"widget\" data-widget_type=\"text-editor.default\">\n<div class=\"elementor-widget-container\">\n<p>M\u00f6chten Sie die h\u00f6chsten Berge mit dem Fahrrad erklimmen? M\u00f6chten Sie die Alpen in ihrer ganzen Pracht und Sch\u00f6nheit kennen lernen? E-Mountainbiking macht das Radfahren in den Alpen f\u00fcr jedermann zug\u00e4nglich. Unsere E-Bikes &amp; Mountainbikes bringen Sie auf jeden Gipfel. Nur den Abstieg m\u00fcssen Sie selbst bew\u00e4ltigen!<\/p>\n<\/div>\n<\/div>\n<\/div>\n<\/div>\n<div class=\"elementor-column elementor-col-50 elementor-top-column elementor-element elementor-element-4ad5c3f\" data-id=\"4ad5c3f\" data-element_type=\"column\">\n<div class=\"elementor-widget-wrap elementor-element-populated\">\n<div class=\"elementor-element elementor-element-f492831 elementor-widget elementor-widget-spacer\" data-id=\"f492831\" data-element_type=\"widget\" data-widget_type=\"spacer.default\">\n<div class=\"elementor-widget-container\">\n<div class=\"elementor-spacer\">\n<div class=\"elementor-spacer-inner\"><\/div>\n<\/div>\n<\/div>\n<\/div>\n<div class=\"elementor-element elementor-element-70b4ebb elementor-widget elementor-widget-heading\" data-id=\"70b4ebb\" data-element_type=\"widget\" data-widget_type=\"heading.default\">\n<div class=\"elementor-widget-container\">\n<h2 class=\"elementor-heading-title elementor-size-default\">E-Mountainbike Trails &amp; Touren<\/h2>\n<\/div>\n<\/div>\n<div class=\"elementor-element elementor-element-855fd5b elementor-widget elementor-widget-image\" data-id=\"855fd5b\" data-element_type=\"widget\" data-widget_type=\"image.default\">\n<div class=\"elementor-widget-container\">\n\t\t\t\t\t\t\t\t\t\t\t\t\t\t\t\t<a href=\"https:\/\/www.summersportswestendorf.com\/de\/tours\/\"><br \/>\n\t\t\t\t\t\t\t<img fetchpriority=\"high\" decoding=\"async\" width=\"920\" height=\"597\" src=\"https:\/\/www.summersportswestendorf.com\/wp-content\/uploads\/2022\/06\/Mountainbike-Trail-Westendorf-1.jpg\" class=\"elementor-animation-float attachment-full size-full wp-image-20565\" alt=\"Mountainbike Trail Westendorf\" srcset=\"https:\/\/www.summersportswestendorf.com\/wp-content\/uploads\/2022\/06\/Mountainbike-Trail-Westendorf-1.jpg 920w, https:\/\/www.summersportswestendorf.com\/wp-content\/uploads\/2022\/06\/Mountainbike-Trail-Westendorf-1-600x389.jpg 600w, https:\/\/www.summersportswestendorf.com\/wp-content\/uploads\/2022\/06\/Mountainbike-Trail-Westendorf-1-300x195.jpg 300w, https:\/\/www.summersportswestendorf.com\/wp-content\/uploads\/2022\/06\/Mountainbike-Trail-Westendorf-1-768x498.jpg 768w\" sizes=\"(max-width: 920px) 100vw, 920px\" \/>\t\t\t\t\t\t\t\t<\/a>\n\t\t\t\t\t\t\t\t\t\t\t\t\t\t\t<\/div>\n<\/div>\n<div class=\"elementor-element elementor-element-d9ed2e1 elementor-widget elementor-widget-text-editor\" data-id=\"d9ed2e1\" data-element_type=\"widget\" data-widget_type=\"text-editor.default\">\n<div class=\"elementor-widget-container\">\n<p>Hier finden Sie alle Informationen zu den Brixentaler Trails und Touren. Mit einem kurzen Video k\u00f6nnen Sie sich einen Eindruck \u00fcber die Strecke verschaffen, ohne sich den Spa\u00df verderben zu lassen. Die Trails variieren von leicht bis schwer. Bei den Touren geht es vor allem darum, die atemberaubendsten Aussichten der Alpen zu erleben.<\/p>\n<\/div>\n<\/div>\n<\/div>\n<\/div>\n<\/div>\n<\/section>\n<section class=\"elementor-section elementor-top-section elementor-element elementor-element-66bf2c7 elementor-section-boxed elementor-section-height-default elementor-section-height-default\" data-id=\"66bf2c7\" data-element_type=\"section\">\n<div class=\"elementor-container elementor-column-gap-default\">\n<div class=\"elementor-column elementor-col-100 elementor-top-column elementor-element elementor-element-ba18c06\" data-id=\"ba18c06\" data-element_type=\"column\">\n<div class=\"elementor-widget-wrap elementor-element-populated\">\n<div class=\"elementor-element elementor-element-54cbe56 elementor-widget elementor-widget-spacer\" data-id=\"54cbe56\" data-element_type=\"widget\" data-widget_type=\"spacer.default\">\n<div class=\"elementor-widget-container\">\n<div class=\"elementor-spacer\">\n<div class=\"elementor-spacer-inner\"><\/div>\n<\/div>\n<\/div>\n<\/div>\n<\/div>\n<\/div>\n<\/div>\n<\/section><\/div>\n","protected":false},"excerpt":{"rendered":"<p>E-Bike Verleih &amp; Trails Sehr geehrter Kunde, Vom 1. Oktober bis 15. Mai haben wir nur nach Vereinbarung ge\u00f6ffnet.Einen Termin k\u00f6nnen Sie telefonisch oder per WhatsApp unter +43 660 204 17 33 vereinbaren. Mit freundlichen Gr\u00fc\u00dfen, Rein Soesbergen Summersports Westendorf Fahrradverleih Die neuesten Cube-E-Bikes Gro\u00dfe Akkukapazit\u00e4t von 800Wh Mit der Komoot-App geplante Touren Fahrrad-Reparaturservice Einfache [&hellip;]<\/p>\n","protected":false},"author":100,"featured_media":18580,"parent":0,"menu_order":0,"comment_status":"closed","ping_status":"closed","template":"elementor_header_footer","meta":{"_acf_changed":false,"footnotes":""},"class_list":["post-18740","page","type-page","status-publish","has-post-thumbnail","hentry"],"acf":[],"yoast_head":"<!-- This site is optimized with the Yoast SEO plugin v26.8 - https:\/\/yoast.com\/product\/yoast-seo-wordpress\/ -->\n<title>E-Bike Verleih, Werkstatt und gef\u00fchrte touren<\/title>\n<meta name=\"description\" content=\"E-Bike Verleih &amp; Service Westendorf. Sie m\u00f6chten die Brixentaler Bergwelt mit dem Fahrrad erleben? Mieten Sie ein E-Bike oder buchen Sie eine gef\u00fchrte Tour!\" \/>\n<meta name=\"robots\" content=\"index, follow, max-snippet:-1, max-image-preview:large, max-video-preview:-1\" \/>\n<link rel=\"canonical\" href=\"https:\/\/www.summersportswestendorf.com\/de\/\" \/>\n<meta property=\"og:locale\" content=\"de_DE\" \/>\n<meta property=\"og:type\" content=\"article\" \/>\n<meta property=\"og:title\" content=\"E-Bike Verleih, Werkstatt und gef\u00fchrte touren\" \/>\n<meta property=\"og:description\" content=\"E-Bike Verleih &amp; Service Westendorf. Sie m\u00f6chten die Brixentaler Bergwelt mit dem Fahrrad erleben? Mieten Sie ein E-Bike oder buchen Sie eine gef\u00fchrte Tour!\" \/>\n<meta property=\"og:url\" content=\"https:\/\/www.summersportswestendorf.com\/de\/\" \/>\n<meta property=\"og:site_name\" content=\"Summersports Westendorf\" \/>\n<meta property=\"article:publisher\" content=\"https:\/\/www.facebook.com\/Summersportswestendorf\" \/>\n<meta property=\"article:modified_time\" content=\"2025-10-20T07:43:24+00:00\" \/>\n<meta property=\"og:image\" content=\"http:\/\/www.summersportswestendorf.com\/wp-content\/uploads\/2021\/02\/e-bikes-2021-10small-scaled.jpg\" \/>\n\t<meta property=\"og:image:width\" content=\"2560\" \/>\n\t<meta property=\"og:image:height\" content=\"1707\" \/>\n\t<meta property=\"og:image:type\" content=\"image\/jpeg\" \/>\n<meta name=\"twitter:card\" content=\"summary_large_image\" \/>\n<meta name=\"twitter:label1\" content=\"Gesch\u00e4tzte Lesezeit\" \/>\n\t<meta name=\"twitter:data1\" content=\"2\u00a0Minuten\" \/>\n<script type=\"application\/ld+json\" class=\"yoast-schema-graph\">{\"@context\":\"https:\/\/schema.org\",\"@graph\":[{\"@type\":\"WebPage\",\"@id\":\"https:\/\/www.summersportswestendorf.com\/de\/\",\"url\":\"https:\/\/www.summersportswestendorf.com\/de\/\",\"name\":\"E-Bike Verleih, Werkstatt und gef\u00fchrte touren\",\"isPartOf\":{\"@id\":\"https:\/\/www.summersportswestendorf.com\/de\/#website\"},\"primaryImageOfPage\":{\"@id\":\"https:\/\/www.summersportswestendorf.com\/de\/#primaryimage\"},\"image\":{\"@id\":\"https:\/\/www.summersportswestendorf.com\/de\/#primaryimage\"},\"thumbnailUrl\":\"https:\/\/www.summersportswestendorf.com\/wp-content\/uploads\/2021\/02\/e-bikes-2021-10small-scaled.jpg\",\"datePublished\":\"2019-06-27T14:49:25+00:00\",\"dateModified\":\"2025-10-20T07:43:24+00:00\",\"description\":\"E-Bike Verleih & Service Westendorf. Sie m\u00f6chten die Brixentaler Bergwelt mit dem Fahrrad erleben? Mieten Sie ein E-Bike oder buchen Sie eine gef\u00fchrte Tour!\",\"breadcrumb\":{\"@id\":\"https:\/\/www.summersportswestendorf.com\/de\/#breadcrumb\"},\"inLanguage\":\"de\",\"potentialAction\":[{\"@type\":\"ReadAction\",\"target\":[\"https:\/\/www.summersportswestendorf.com\/de\/\"]}]},{\"@type\":\"ImageObject\",\"inLanguage\":\"de\",\"@id\":\"https:\/\/www.summersportswestendorf.com\/de\/#primaryimage\",\"url\":\"https:\/\/www.summersportswestendorf.com\/wp-content\/uploads\/2021\/02\/e-bikes-2021-10small-scaled.jpg\",\"contentUrl\":\"https:\/\/www.summersportswestendorf.com\/wp-content\/uploads\/2021\/02\/e-bikes-2021-10small-scaled.jpg\",\"width\":2560,\"height\":1707,\"caption\":\"Bike rental\"},{\"@type\":\"BreadcrumbList\",\"@id\":\"https:\/\/www.summersportswestendorf.com\/de\/#breadcrumb\",\"itemListElement\":[{\"@type\":\"ListItem\",\"position\":1,\"name\":\"Home\",\"item\":\"https:\/\/www.summersportswestendorf.com\/de\/\"},{\"@type\":\"ListItem\",\"position\":2,\"name\":\"Startseite\"}]},{\"@type\":\"WebSite\",\"@id\":\"https:\/\/www.summersportswestendorf.com\/de\/#website\",\"url\":\"https:\/\/www.summersportswestendorf.com\/de\/\",\"name\":\"Summersports Westendorf\",\"description\":\"Fahrradverleih Westendorf\",\"publisher\":{\"@id\":\"https:\/\/www.summersportswestendorf.com\/de\/#organization\"},\"potentialAction\":[{\"@type\":\"SearchAction\",\"target\":{\"@type\":\"EntryPoint\",\"urlTemplate\":\"https:\/\/www.summersportswestendorf.com\/de\/?s={search_term_string}\"},\"query-input\":{\"@type\":\"PropertyValueSpecification\",\"valueRequired\":true,\"valueName\":\"search_term_string\"}}],\"inLanguage\":\"de\"},{\"@type\":\"Organization\",\"@id\":\"https:\/\/www.summersportswestendorf.com\/de\/#organization\",\"name\":\"Summersports Westendorf E-Bike Rental\",\"url\":\"https:\/\/www.summersportswestendorf.com\/de\/\",\"logo\":{\"@type\":\"ImageObject\",\"inLanguage\":\"de\",\"@id\":\"https:\/\/www.summersportswestendorf.com\/de\/#\/schema\/logo\/image\/\",\"url\":\"https:\/\/www.summersportswestendorf.com\/wp-content\/uploads\/2022\/04\/Summersports-Final-Achtergrond-Wit.png\",\"contentUrl\":\"https:\/\/www.summersportswestendorf.com\/wp-content\/uploads\/2022\/04\/Summersports-Final-Achtergrond-Wit.png\",\"width\":1060,\"height\":470,\"caption\":\"Summersports Westendorf E-Bike Rental\"},\"image\":{\"@id\":\"https:\/\/www.summersportswestendorf.com\/de\/#\/schema\/logo\/image\/\"},\"sameAs\":[\"https:\/\/www.facebook.com\/Summersportswestendorf\",\"https:\/\/www.instagram.com\/summersportswestendorf\/\"]}]}<\/script>\n<!-- \/ Yoast SEO plugin. -->","yoast_head_json":{"title":"E-Bike Verleih, Werkstatt und gef\u00fchrte touren","description":"E-Bike Verleih & Service Westendorf. Sie m\u00f6chten die Brixentaler Bergwelt mit dem Fahrrad erleben? Mieten Sie ein E-Bike oder buchen Sie eine gef\u00fchrte Tour!","robots":{"index":"index","follow":"follow","max-snippet":"max-snippet:-1","max-image-preview":"max-image-preview:large","max-video-preview":"max-video-preview:-1"},"canonical":"https:\/\/www.summersportswestendorf.com\/de\/","og_locale":"de_DE","og_type":"article","og_title":"E-Bike Verleih, Werkstatt und gef\u00fchrte touren","og_description":"E-Bike Verleih & Service Westendorf. Sie m\u00f6chten die Brixentaler Bergwelt mit dem Fahrrad erleben? Mieten Sie ein E-Bike oder buchen Sie eine gef\u00fchrte Tour!","og_url":"https:\/\/www.summersportswestendorf.com\/de\/","og_site_name":"Summersports Westendorf","article_publisher":"https:\/\/www.facebook.com\/Summersportswestendorf","article_modified_time":"2025-10-20T07:43:24+00:00","og_image":[{"width":2560,"height":1707,"url":"http:\/\/www.summersportswestendorf.com\/wp-content\/uploads\/2021\/02\/e-bikes-2021-10small-scaled.jpg","type":"image\/jpeg"}],"twitter_card":"summary_large_image","twitter_misc":{"Gesch\u00e4tzte Lesezeit":"2\u00a0Minuten"},"schema":{"@context":"https:\/\/schema.org","@graph":[{"@type":"WebPage","@id":"https:\/\/www.summersportswestendorf.com\/de\/","url":"https:\/\/www.summersportswestendorf.com\/de\/","name":"E-Bike Verleih, Werkstatt und gef\u00fchrte touren","isPartOf":{"@id":"https:\/\/www.summersportswestendorf.com\/de\/#website"},"primaryImageOfPage":{"@id":"https:\/\/www.summersportswestendorf.com\/de\/#primaryimage"},"image":{"@id":"https:\/\/www.summersportswestendorf.com\/de\/#primaryimage"},"thumbnailUrl":"https:\/\/www.summersportswestendorf.com\/wp-content\/uploads\/2021\/02\/e-bikes-2021-10small-scaled.jpg","datePublished":"2019-06-27T14:49:25+00:00","dateModified":"2025-10-20T07:43:24+00:00","description":"E-Bike Verleih & Service Westendorf. Sie m\u00f6chten die Brixentaler Bergwelt mit dem Fahrrad erleben? Mieten Sie ein E-Bike oder buchen Sie eine gef\u00fchrte Tour!","breadcrumb":{"@id":"https:\/\/www.summersportswestendorf.com\/de\/#breadcrumb"},"inLanguage":"de","potentialAction":[{"@type":"ReadAction","target":["https:\/\/www.summersportswestendorf.com\/de\/"]}]},{"@type":"ImageObject","inLanguage":"de","@id":"https:\/\/www.summersportswestendorf.com\/de\/#primaryimage","url":"https:\/\/www.summersportswestendorf.com\/wp-content\/uploads\/2021\/02\/e-bikes-2021-10small-scaled.jpg","contentUrl":"https:\/\/www.summersportswestendorf.com\/wp-content\/uploads\/2021\/02\/e-bikes-2021-10small-scaled.jpg","width":2560,"height":1707,"caption":"Bike rental"},{"@type":"BreadcrumbList","@id":"https:\/\/www.summersportswestendorf.com\/de\/#breadcrumb","itemListElement":[{"@type":"ListItem","position":1,"name":"Home","item":"https:\/\/www.summersportswestendorf.com\/de\/"},{"@type":"ListItem","position":2,"name":"Startseite"}]},{"@type":"WebSite","@id":"https:\/\/www.summersportswestendorf.com\/de\/#website","url":"https:\/\/www.summersportswestendorf.com\/de\/","name":"Summersports Westendorf","description":"Fahrradverleih Westendorf","publisher":{"@id":"https:\/\/www.summersportswestendorf.com\/de\/#organization"},"potentialAction":[{"@type":"SearchAction","target":{"@type":"EntryPoint","urlTemplate":"https:\/\/www.summersportswestendorf.com\/de\/?s={search_term_string}"},"query-input":{"@type":"PropertyValueSpecification","valueRequired":true,"valueName":"search_term_string"}}],"inLanguage":"de"},{"@type":"Organization","@id":"https:\/\/www.summersportswestendorf.com\/de\/#organization","name":"Summersports Westendorf E-Bike Rental","url":"https:\/\/www.summersportswestendorf.com\/de\/","logo":{"@type":"ImageObject","inLanguage":"de","@id":"https:\/\/www.summersportswestendorf.com\/de\/#\/schema\/logo\/image\/","url":"https:\/\/www.summersportswestendorf.com\/wp-content\/uploads\/2022\/04\/Summersports-Final-Achtergrond-Wit.png","contentUrl":"https:\/\/www.summersportswestendorf.com\/wp-content\/uploads\/2022\/04\/Summersports-Final-Achtergrond-Wit.png","width":1060,"height":470,"caption":"Summersports Westendorf E-Bike Rental"},"image":{"@id":"https:\/\/www.summersportswestendorf.com\/de\/#\/schema\/logo\/image\/"},"sameAs":["https:\/\/www.facebook.com\/Summersportswestendorf","https:\/\/www.instagram.com\/summersportswestendorf\/"]}]}},"_links":{"self":[{"href":"https:\/\/www.summersportswestendorf.com\/de\/wp-json\/wp\/v2\/pages\/18740","targetHints":{"allow":["GET"]}}],"collection":[{"href":"https:\/\/www.summersportswestendorf.com\/de\/wp-json\/wp\/v2\/pages"}],"about":[{"href":"https:\/\/www.summersportswestendorf.com\/de\/wp-json\/wp\/v2\/types\/page"}],"author":[{"embeddable":true,"href":"https:\/\/www.summersportswestendorf.com\/de\/wp-json\/wp\/v2\/users\/100"}],"replies":[{"embeddable":true,"href":"https:\/\/www.summersportswestendorf.com\/de\/wp-json\/wp\/v2\/comments?post=18740"}],"version-history":[{"count":0,"href":"https:\/\/www.summersportswestendorf.com\/de\/wp-json\/wp\/v2\/pages\/18740\/revisions"}],"wp:featuredmedia":[{"embeddable":true,"href":"https:\/\/www.summersportswestendorf.com\/de\/wp-json\/wp\/v2\/media\/18580"}],"wp:attachment":[{"href":"https:\/\/www.summersportswestendorf.com\/de\/wp-json\/wp\/v2\/media?parent=18740"}],"curies":[{"name":"wp","href":"https:\/\/api.w.org\/{rel}","templated":true}]}}